{"version":"1.0","provider_name":"Term\u00e1l &amp; F\u00fcrd\u0151","provider_url":"https:\/\/termalfurdo.cafeblog.hu","author_name":"Term\u00e1l &amp; F\u00fcrd\u0151","author_url":"https:\/\/termalfurdo.cafeblog.hu\/author\/furdomester\/","title":"H\u00e9tv\u00e9gi term\u00e1ltipp: Gyula","html":"H\u00e9tv\u00e9g\u00e9n \u00e1ll\u00edt\u00f3lag m\u00e1r kev\u00e9sb\u00e9 lesz extr\u00e9m az id\u0151j\u00e1r\u00e1s, viszont tov\u00e1bbra sem v\u00e1rhat\u00f3 m\u00e1jushoz m\u00e9lt\u00f3, kellemes tavaszias id\u0151. Viszont semmi probl\u00e9ma, mert van olyan \u00f6tlet\u00fcnk, ami id\u0151j\u00e1r\u00e1st\u00f3l f\u00fcggetlen, kellemes program lehet az eg\u00e9sz csal\u00e1dnak. M\u00e9ghozz\u00e1 <strong>Gyula<\/strong>, azon bel\u00fcl is most nem a gy\u00f3gyf\u00fcrd\u0151t, hanem a k\u00f6zelm\u00faltban \u00e1tadott Aquapalota \u00e9lm\u00e9nyf\u00fcrd\u0151t aj\u00e1nljuk.\r\n\r\n<a href=\"https:\/\/termalfurdo.cafeblog.hu\/files\/2014\/05\/gyula1.jpg\"><img class=\"aligncenter  wp-image-356\" src=\"https:\/\/termalfurdo.cafeblog.hu\/files\/2014\/05\/gyula1.jpg\" alt=\"Gyula\" width=\"613\" height=\"410\" \/><\/a>A l\u00e9tes\u00edtm\u00e9ny egyik f\u0151 attrakci\u00f3j\u00e1t a hatalmas cs\u00faszdakomplexum jelenti, de akik idegenkednek ett\u0151l, azok is megtal\u00e1lj\u00e1k a sz\u00e1m\u00edt\u00e1sukat. A f\u00fcrd\u0151ben ugyanis massz\u00e1zspadokkal, sodr\u00f3folyos\u00f3val, nyakzuhannyal \u00e9s minden egy\u00e9b f\u00f6ldi j\u00f3val felszerelt \u00e9lm\u00e9nymedence is m\u0171k\u00f6dik. S\u0151t, k\u00fcl\u00f6n ugr\u00e1l\u00f3medence, babamedence \u00e9s gyermekmedence is tal\u00e1lhat\u00f3 az Aquapalot\u00e1ban, \u00edgy a k\u00fcl\u00f6nb\u00f6z\u0151 koroszt\u00e1lyok nem zavarj\u00e1k egym\u00e1st. A v\u00e9g\u00e9re hagytuk a l\u00e9nyeget: az eg\u00e9sz Aquapalota fedett, \u00edgy nem kell agg\u00f3dni az id\u0151j\u00e1r\u00e1s miatt.\r\n\r\n<strong>+1 \u00e9rv az \u00fati c\u00e9l mellett<\/strong>\r\n\r\nEzen a h\u00e9tv\u00e9g\u00e9n szombaton, azaz m\u00e1jus 17-\u00e9n gyermekrendezv\u00e9nyt is tartanak az Aquapalot\u00e1ban. A programok 10:30 ut\u00e1n kezd\u0151dnek, ami csal\u00e1di sz\u00f3rakoztat\u00f3 programokat, v\u00edzi vet\u00e9lked\u0151ket, valamint k\u00e9zm\u0171ves foglalkoz\u00e1sokat takar. 16:30-kor pedig fell\u00e9p a Bubor\u00e9k egy\u00fcttes.\r\n\r\nK\u00e9pek az \u00e9lm\u00e9nyf\u00fcrd\u0151r\u0151l:\r\n\r\n<a href=\"https:\/\/termalfurdo.cafeblog.hu\/files\/2014\/05\/aquapalota1.jpg\"><img class=\"aligncenter size-large wp-image-359\" src=\"https:\/\/termalfurdo.cafeblog.hu\/files\/2014\/05\/aquapalota1-600x401.jpg\" alt=\"Aquapalota Gyula\" width=\"600\" height=\"401\" \/><\/a><a href=\"https:\/\/termalfurdo.cafeblog.hu\/files\/2014\/05\/aquapalota2.jpg\"><img class=\"aligncenter size-large wp-image-358\" src=\"https:\/\/termalfurdo.cafeblog.hu\/files\/2014\/05\/aquapalota2-600x397.jpg\" alt=\"Aquapalota Gyula\" width=\"600\" height=\"397\" \/><\/a><a href=\"https:\/\/termalfurdo.cafeblog.hu\/files\/2014\/05\/aquapalota3.jpg\"><img class=\"aligncenter size-large wp-image-357\" src=\"https:\/\/termalfurdo.cafeblog.hu\/files\/2014\/05\/aquapalota3-600x397.jpg\" alt=\"Aquapalota Gyula\" width=\"600\" height=\"397\" \/><\/a>","type":"rich","thumbnail_url":"https:\/\/termalfurdo.cafeblog.hu\/files\/2014\/05\/aquapalota1-150x150.jpg","thumbnail_width":150,"thumbnail_height":150}