{"version":"1.0","provider_name":"Term\u00e1l &amp; F\u00fcrd\u0151","provider_url":"https:\/\/termalfurdo.cafeblog.hu","author_name":"Term\u00e1l &amp; F\u00fcrd\u0151","author_url":"https:\/\/termalfurdo.cafeblog.hu\/author\/furdomester\/","title":"J\u00f3d a term\u00e1lv\u00edzben: mit gy\u00f3gy\u00edt?","html":"<p><strong>A j\u00f3dhi\u00e1ny megsz\u00fcntet\u00e9se \u00e9s megel\u0151z\u00e9se, valamint gyullad\u00e1sos betegs\u00e9gek kezel\u00e9se sor\u00e1n lehet fontos szerepe a j\u00f3dos term\u00e1lvizeknek.<\/strong><\/p>\r\n<p>A haz\u00e1nkban tal\u00e1lhat\u00f3 term\u00e1lvizek k\u00f6z\u00fcl t\u00f6bbnek is jelent\u0151s a j\u00f3dtartalma. A j\u00f3ddal a h\u00e9tk\u00f6znapok sor\u00e1n legink\u00e1bb sebfert\u0151tlen\u00edt\u0151 szerk\u00e9nt tal\u00e1lkozhatunk, illetve a <a href=\"https:\/\/furdogyogyaszat.eu\/gyogyfurdozes-pajzsmirigy-tulmukodesnel\/\" target=\"_blank\" rel=\"noopener\">pajzsmiriggyel kapcsolatos<\/a> betegs\u00e9gekn\u00e9l hallhatunk r\u00f3la. Ut\u00f3bbihoz kapcsol\u00f3dik, hogy a magas j\u00f3dtartalm\u00fa gy\u00f3gyvizek seg\u00edthetik a j\u00f3dhi\u00e1ny lek\u00fczd\u00e9s\u00e9t, viszont pajzsmirigy-t\u00falm\u0171k\u00f6d\u00e9s, vagy j\u00f3dallergia eset\u00e9n ker\u00fclni kell ezeket a vizeket.<\/p>\r\n[caption id=\"attachment_1211\" align=\"aligncenter\" width=\"600\"]<a href=\"https:\/\/termalfurdo.cafeblog.hu\/files\/2015\/01\/igalfurdojod.jpg\"><img class=\"size-large wp-image-1211\" src=\"https:\/\/termalfurdo.cafeblog.hu\/files\/2015\/01\/igalfurdojod-600x399.jpg\" alt=\"Igali f\u00fcrd\u0151\" width=\"600\" height=\"399\" \/><\/a> Igali Gy\u00f3gyf\u00fcrd\u0151: magas a v\u00edz j\u00f3dtartalma[\/caption]\r\n<p>A <a href=\"https:\/\/termalonline.hu\/termal-hirek\/jodos-gyogyfurdok-itt-a-toplistajuk\" target=\"_blank\" rel=\"noopener\">j\u00f3dtartalm\u00fa term\u00e1lvizekben<\/a> val\u00f3 f\u00fcrd\u00e9s sor\u00e1n a j\u00f3d egyr\u00e9szt a b\u0151r\u00f6n, m\u00e1sr\u00e9szt bel\u00e9legezve, a l\u00e9gutakon kereszt\u00fcl jut be a szervezetbe. K\u00e9t legfontosabb hat\u00e1sa, hogy cs\u00f6kkenti a gyullad\u00e1st, illetve jav\u00edtja a v\u00e9rkering\u00e9st. Ennek megfelel\u0151en az \u00edz\u00fcletek \u00e9s a bels\u0151 szervek gyullad\u00e1sos betegs\u00e9gei eset\u00e9n \u00e9rdemes alkalmazni. A magas j\u00f3dtartalm\u00fa vizeknek egy\u00e9bk\u00e9nt az esetek t\u00f6bbs\u00e9g\u00e9ben a br\u00f3mtartalma is jelent\u0151s, a br\u00f3m pedig stresszold\u00f3, idegnyugtat\u00f3 hat\u00e1s\u00e1r\u00f3l ismert. A j\u00f3dos gy\u00f3gyvizeket iv\u00f3k\u00fara form\u00e1j\u00e1ban golyva \u00e9s a j\u00f3dhi\u00e1nyhoz kapcsol\u00f3d\u00f3 t\u00fcnetek (p\u00e9ld\u00e1ul f\u00e1rad\u00e9konys\u00e1g, a fizikai \u00e9s szellemi teljes\u00edt\u0151k\u00e9pess\u00e9g cs\u00f6kken\u00e9se) eset\u00e9n szokt\u00e1k javasolni.<\/p>\r\n<p><strong>N\u00e9h\u00e1ny hazai gy\u00f3gyv\u00edz jodid-ion tartalma (mg\/liter)<\/strong> S\u00f3sharty\u00e1ni v\u00edz (csak iv\u00f3k\u00far\u00e1hoz) - 100 Hajd\u00faszoboszl\u00f3i gy\u00f3gyv\u00edz - 5,5 Igali gy\u00f3gyv\u00edz - 3,25 Debreceni gy\u00f3gyv\u00edz (Aquaticum F\u00fcrd\u0151) - 2,0 Berekf\u00fcrd\u0151i term\u00e1lv\u00edz - 1,63 B\u00fckf\u00fcrd\u0151i gy\u00f3gyv\u00edz - 1,26 Ny\u00edregyh\u00e1za-S\u00f3st\u00f3i gy\u00f3gyv\u00edz - 0,92 Cserkesz\u0151l\u0151i gy\u00f3gyv\u00edz - 0,61 Sok\u00e1ig egy\u00e9bk\u00e9nt Budapesten is m\u0171k\u00f6d\u00f6tt egy j\u00f3dos viz\u0171 f\u00fcrd\u0151, m\u00e9ghozz\u00e1 Pesterzs\u00e9beten. A nagy m\u00faltra visszatekint\u0151 f\u00fcrd\u0151 az \u00e9p\u00fcletek leromlott \u00e1llaga miatt m\u00e1r \u00e9vek \u00f3ta z\u00e1rva tart. Jelenleg \u00edgy n\u00e9z ki: <a href=\"https:\/\/termalfurdo.cafeblog.hu\/files\/2015\/01\/pesterzsebetfurdo2.jpg\"><img class=\"aligncenter size-large wp-image-1209\" src=\"https:\/\/termalfurdo.cafeblog.hu\/files\/2015\/01\/pesterzsebetfurdo2-600x341.jpg\" alt=\"Pesterzs\u00e9beti strand\" width=\"600\" height=\"341\" \/><\/a>J\u00f3 h\u00edr viszont, hogy <a href=\"http:\/\/termalonline.hu\/termal-hirek\/ujjaepitik-pesterzsebeti-furdot\" target=\"_blank\" rel=\"noopener\">tervezik a f\u00fcrd\u0151 teljes k\u00f6r\u0171 fel\u00faj\u00edt\u00e1s\u00e1t<\/a>, - s\u0151t, l\u00e9nyeg\u00e9ben az \u00fajj\u00e1\u00e9p\u00edt\u00e9s\u00e9t - viszont sajnos erre legal\u00e1bb 4 \u00e9vet m\u00e9g v\u00e1rni kell, ugyanis a Budapest Gy\u00f3gyf\u00fcrd\u0151i \u00e9s H\u00e9vizei Zrt. csak akkor tervezi a munk\u00e1latok megkezd\u00e9s\u00e9t.<\/p>\r\n<p><span style=\"color: #3366ff\">+ 1 tipp: van egy z\u00e1rt Facebook csoportunk, ahol a term\u00e1lf\u00fcrd\u0151k programjait \u00e9s akci\u00f3t gy\u0171jtj\u00fck \u00f6ssze. Amennyiben szeretn\u00e9l csatlakozni, azt <a style=\"color: #3366ff\" href=\"https:\/\/www.facebook.com\/groups\/169328763837106\/\" target=\"_blank\" rel=\"noopener\">ide kattintva<\/a> teheted meg.<\/span><\/p>","type":"rich","thumbnail_url":"https:\/\/termalfurdo.cafeblog.hu\/files\/2015\/01\/igalfurdojod-150x150.jpg","thumbnail_width":150,"thumbnail_height":150}