{"version":"1.0","provider_name":"Term\u00e1l &amp; F\u00fcrd\u0151","provider_url":"https:\/\/termalfurdo.cafeblog.hu","author_name":"Term\u00e1l &amp; F\u00fcrd\u0151","author_url":"https:\/\/termalfurdo.cafeblog.hu\/author\/heszler_robert\/","title":"5 kar\u00e1csonyi term\u00e1lf\u00fcrd\u0151s tipp","html":"<ul>\r\n \t<li>\r\n<h4><span style=\"color: #3366ff\"><strong>Aki egy kis f\u00fcrd\u0151l\u00e1togat\u00e1ssal szak\u00edtan\u00e1 meg a bejgliev\u00e9st, annak mondunk tuti tippeket a kar\u00e1csonyi hossz\u00fa h\u00e9tv\u00e9g\u00e9re.<\/strong><\/span><\/h4>\r\n<\/li>\r\n \t<li>\r\n<h4><span style=\"color: #3366ff\"><strong>Ugyanis nem \u00e1rt r\u00e9sen lenni, mert nem lesz minden f\u00fcrd\u0151 nyitva.<\/strong><\/span><\/h4>\r\n<\/li>\r\n<\/ul>\r\nDecember 24-\u00e9n \u00e9s a kar\u00e1csony k\u00e9t napj\u00e1n el\u00e9gg\u00e9 <a href=\"http:\/\/termalonline.hu\/termal-hirek\/termalfurdok-karacsonyi-nyitvatartasa\" target=\"_blank\">felbolydul<\/a> a term\u00e1lf\u00fcrd\u0151k megszokott nyitvatart\u00e1si rendje. N\u00e9melyik f\u00fcrd\u0151 mindh\u00e1rom nap z\u00e1rva lesz, de sok helyen nem lesznek nyitva egy-k\u00e9t nap, esetleg jelent\u0151sen megkurt\u00edtj\u00e1k a megszokott nyitvatart\u00e1si id\u0151t.\r\n\r\nViszont vannak olyan term\u00e1lf\u00fcrd\u0151k is, ahol csak kisebb m\u00e9rt\u00e9kben, vagy egy\u00e1ltal\u00e1n nem m\u00f3dosul a szok\u00e1sos nyitvatart\u00e1s. Azaz szombatt\u00f3l h\u00e9tf\u0151ig b\u00e1rmikor felkerekedhet\u00fcnk \u00e9s n\u00e9mi pancsol\u00e1ssal \u00fcthetj\u00fck el az id\u0151t. \u00d6sszegy\u0171jt\u00f6tt\u00fcnk ez\u00e9rt 5 olyan f\u00fcrd\u0151t, amelyek ilyenkor is j\u00f3 v\u00e1laszt\u00e1snak bizonyulhatnak.\r\n\r\n<span style=\"color: #3366ff\"><strong>1. Demj\u00e9n<\/strong><\/span>\r\n\r\n<a href=\"https:\/\/termalfurdo.cafeblog.hu\/files\/2015\/02\/demjen91.jpg\"><img class=\"aligncenter size-large wp-image-1575\" src=\"https:\/\/termalfurdo.cafeblog.hu\/files\/2015\/02\/demjen91-600x372.jpg\" alt=\"demjen91\" width=\"600\" height=\"372\" \/><\/a>Az Eger melletti hangulatos kistelep\u00fcl\u00e9s term\u00e1lf\u00fcrd\u0151j\u00e9nek nyitvatart\u00e1si idej\u00e9t k\u00f6nny\u0171 fejben tartani: 9:00-02:00. Igen, \u00e9jjel kett\u0151ig \u00e9s minden egyes nap, bele\u00e9rtve az \u00fcnnepeket \u00e9s azon bel\u00fcl a kar\u00e1csonyt is. Azaz itt b\u00e1rmikor f\u00fcr\u00f6dhet\u00fcnk \u00e9jszakai is. Amit fontos tudni: az \u00e9jjel 2 \u00f3rai z\u00e1r\u00e1s a k\u00fclt\u00e9ri medenc\u00e9kre vonatkozik, a belt\u00e9ri medenc\u00e9k p\u00e9nteken \u00e9s szombaton \u00e9jf\u00e9lig, vas\u00e1rnap 22 \u00f3r\u00e1ig tartanak nyitva. A szomsz\u00e9dos Cascade barlangf\u00fcrd\u0151 pedig 24-\u00e9n 18 \u00f3rakor z\u00e1r, a t\u00f6bbi napon 9-t\u0151l 23 \u00f3r\u00e1ig v\u00e1rj\u00e1k a vend\u00e9geket.\r\n\r\n<span style=\"color: #3366ff\"><strong>2. Debrecen - Aquaticum f\u00fcrd\u0151<\/strong><\/span>\r\n\r\n<a href=\"https:\/\/termalfurdo.cafeblog.hu\/files\/2015\/12\/aquaticummfgy.jpg\"><img class=\"aligncenter size-large wp-image-2365\" src=\"https:\/\/termalfurdo.cafeblog.hu\/files\/2015\/12\/aquaticummfgy-600x378.jpg\" alt=\"aquaticummfgy\" width=\"600\" height=\"378\" \/><\/a>Mindh\u00e1rom nap nyitva lesz az Aquaticum. Annyi megszor\u00edt\u00e1ssal, hogy 24-\u00e9n az \u00e9lm\u00e9nyf\u00fcrd\u0151 \u00e9s a term\u00e1lf\u00fcrd\u0151 r\u00e9szleg is bez\u00e1r 16 \u00f3rakor. Viszont az ut\u00e1na k\u00f6vetkez\u0151 napokban el\u00e9gg\u00e9 bar\u00e1ti nyitvatart\u00e1ssal v\u00e1rj\u00e1k a f\u00fcrd\u0151z\u0151ket. Az \u00e9lm\u00e9nyf\u00fcrd\u0151 10 \u00e9s 21 \u00f3ra k\u00f6z\u00f6tt, a term\u00e1lf\u00fcrd\u0151 pedig 7 \u00e9s 21 \u00f3ra k\u00f6z\u00f6tt lesz nyitva. R\u00e1ad\u00e1sul december 24-\u00e9n \u00e9s 25-\u00e9n d\u00e9lut\u00e1n szaunasze\u00e1nszokat is tartanak.\r\n\r\n<span style=\"color: #3366ff\"><strong>3. Hajd\u00faszoboszl\u00f3 - Hungarospa<\/strong><\/span>\r\n\r\n<a href=\"https:\/\/termalfurdo.cafeblog.hu\/files\/2014\/12\/aquapalace-hab.jpg\"><img class=\"aligncenter size-large wp-image-1202\" src=\"https:\/\/termalfurdo.cafeblog.hu\/files\/2014\/12\/aquapalace-hab-600x449.jpg\" alt=\"Aqua Palace habparty\" width=\"600\" height=\"449\" \/><\/a>Nyilv\u00e1n a szoboszl\u00f3i f\u00fcrd\u0151moguln\u00e1l sincs meg\u00e1ll\u00e1s m\u00e9g kar\u00e1csonykor sem. Arra kell csak figyelni, hogy december 24-\u00e9n m\u00e1r 17 \u00f3rakor bez\u00e1r mind a gy\u00f3gyf\u00fcrd\u0151, mind az Aqua-Palace \u00e9lm\u00e9nyf\u00fcrd\u0151. A t\u00f6bbi napon viszont az el\u0151bbi 7 \u00e9s 19 \u00f3ra k\u00f6z\u00f6tt, ut\u00f3bbi 10 \u00e9s 20 \u00f3ra k\u00f6z\u00f6tt v\u00e1r r\u00e1nk. Lesznek programok is. Vas\u00e1rnap \u00e9s h\u00e9tf\u0151n 16 \u00f3r\u00e1t\u00f3l szaunasze\u00e1nszokon vehet\u00fcnk r\u00e9szt. Vas\u00e1rnap 20 \u00e9s 22 \u00f3ra k\u00f6z\u00f6tt pedig zen\u00e9s-habpartys \u00e9jszakai f\u00fcrd\u0151z\u00e9s is lesz az Aqua-Palace-ban.\r\n\r\n<span style=\"color: #3366ff\"><strong>4. Tiszak\u00e9cske - Tisza-parti Gy\u00f3gy- \u00e9s \u00c9lm\u00e9nyf\u00fcrd\u0151<\/strong><\/span>\r\n\r\n<a href=\"https:\/\/termalfurdo.cafeblog.hu\/files\/2015\/04\/tiszakecsketermal2.jpg\"><img class=\"aligncenter size-large wp-image-1758\" src=\"https:\/\/termalfurdo.cafeblog.hu\/files\/2015\/04\/tiszakecsketermal2-600x491.jpg\" alt=\"Tiszak\u00e9cske term\u00e1l\" width=\"600\" height=\"491\" \/><\/a>December 24-\u00e9n 9-16 \u00f3ra k\u00f6z\u00f6tt, 25-\u00e9s \u00e9s 26-\u00e1n pedig 9-22 \u00f3ra k\u00f6z\u00f6tt lesznek nyitva. R\u00e1ad\u00e1sul a hangulatos term\u00e1lf\u00fcrd\u0151ben h\u00e9tf\u0151t\u0151l anim\u00e1ci\u00f3s programokat tartanak a legkisebb f\u00fcrd\u0151vend\u00e9geknek, \u00edgy csal\u00e1dok sz\u00e1m\u00e1ra igaz\u00e1n j\u00f3 v\u00e1laszt\u00e1s lehet.\r\n\r\n<span style=\"color: #3366ff\"><strong>5. Zalakarosi Term\u00e1lf\u00fcrd\u0151<\/strong><\/span>\r\n\r\n<a href=\"https:\/\/termalfurdo.cafeblog.hu\/files\/2016\/12\/zalakaros1furdo.jpg\"><img class=\"aligncenter size-large wp-image-2680\" src=\"https:\/\/termalfurdo.cafeblog.hu\/files\/2016\/12\/zalakaros1furdo-600x391.jpg\" alt=\"zalakaros1furdo\" width=\"600\" height=\"391\" \/><\/a>December 24-\u00e9n itt is picit kor\u00e1bban z\u00e1rnak a megszokottn\u00e1l: 15 \u00f3rakor. Vas\u00e1rnapt\u00f3l kezdve viszont m\u00e1r 9-t\u0151l eg\u00e9szen 19 \u00f3r\u00e1ig mehet\u00fcnk a f\u00fcrd\u0151be, ahol a gy\u00f3gyvizes medenc\u00e9k, az \u00e9lm\u00e9nymedenc\u00e9k, a belt\u00e9ri gyermek\u00e9lm\u00e9nyf\u00fcrd\u0151 egyar\u00e1nt nyitva lesz. (Tipp: a f\u00fcrd\u0151ben van egy \u00e9l\u0151 webkamera, ami a t\u00e9len is \u00fczemel\u0151 k\u00fclt\u00e9ri \u00e9lm\u00e9nymedenc\u00e9t mutatja. Ezen <a href=\"https:\/\/www.hungary-live.com\/hu\/baths-relax\/\" target=\"_blank\">meg tudjuk lesni<\/a>, hogy \u00e9pp mennyien vannak a f\u00fcrd\u0151ben).\r\n\r\nAkit nem k\u00f6t le \u00f6nmag\u00e1ban a pancsol\u00e1s, annak j\u00f3 h\u00edr, hogy vas\u00e1rnap \u00e9s h\u00e9tf\u0151n szaunasze\u00e1nszok is lesznek Zalakaroson. Mindegyik nap 10:30-t\u00f3l ingyenes v\u00edzi gimnasztik\u00e1t tartanak. H\u00e9tf\u0151t\u0151l pedig k\u00fcl\u00f6n v\u00edzi torna, valamint foglalkoz\u00e1sok v\u00e1rj\u00e1k a gyerekeket.","type":"rich","thumbnail_url":"https:\/\/termalfurdo.cafeblog.hu\/files\/2015\/12\/aquaticummfgy-150x150.jpg","thumbnail_width":150,"thumbnail_height":150}